{"id":2,"date":"2022-04-22T18:41:30","date_gmt":"2022-04-22T16:41:30","guid":{"rendered":"http:\/\/nbjynyz.cluster031.hosting.ovh.net\/?page_id=2"},"modified":"2024-04-03T15:02:01","modified_gmt":"2024-04-03T13:02:01","slug":"page-d-exemple","status":"publish","type":"page","link":"http:\/\/nbjynyz.cluster031.hosting.ovh.net\/index.php\/page-d-exemple\/","title":{"rendered":"\u00e0 propos"},"content":{"rendered":"\n<p><em>Mon Film, Ma Bataille<\/em>&nbsp;est une structure de production associative cr\u00e9\u00e9e en F\u00e9vrier 2016.<\/p>\n\n\n\n<p>\u200bElle a pour but d&#8217;encadrer des r\u00e9alisateurs dans leurs projets, que ce soit dans leur recherche de financements, de professionnels ou de locations de&nbsp;mat\u00e9riels.<\/p>\n\n\n\n<div class=\"wp-block-columns is-layout-flex wp-container-core-columns-is-layout-9d6595d7 wp-block-columns-is-layout-flex\">\n<div class=\"wp-block-column is-layout-flow wp-block-column-is-layout-flow\" style=\"flex-basis:100%\">\n<h3 class=\"wp-block-heading has-text-color\" style=\"color:#21403fc2\">Les membres de l&#8217;association :<\/h3>\n<\/div>\n<\/div>\n\n\n\n<div class=\"wp-block-columns is-layout-flex wp-container-core-columns-is-layout-9d6595d7 wp-block-columns-is-layout-flex\">\n<div class=\"wp-block-column is-layout-flow wp-block-column-is-layout-flow\">\n<div class=\"wp-block-columns is-layout-flex wp-container-core-columns-is-layout-9d6595d7 wp-block-columns-is-layout-flex\">\n<div class=\"wp-block-column is-layout-flow wp-block-column-is-layout-flow\">\n<figure class=\"wp-block-image size-full is-resized\"><img loading=\"lazy\" decoding=\"async\" width=\"212\" height=\"211\" src=\"http:\/\/nbjynyz.cluster031.hosting.ovh.net\/wp-content\/uploads\/2022\/06\/Vincent-GOSSELIN-2-edited-3.png\" alt=\"\" class=\"wp-image-206\" style=\"width:154px;height:153px\" srcset=\"http:\/\/nbjynyz.cluster031.hosting.ovh.net\/wp-content\/uploads\/2022\/06\/Vincent-GOSSELIN-2-edited-3.png 212w, http:\/\/nbjynyz.cluster031.hosting.ovh.net\/wp-content\/uploads\/2022\/06\/Vincent-GOSSELIN-2-edited-3-150x150.png 150w\" sizes=\"auto, (max-width: 212px) 100vw, 212px\" \/><figcaption class=\"wp-element-caption\">Vincent GOSSELIN<\/figcaption><\/figure>\n\n\n\n<p><em>R\u00e9alisateur et professeur<\/em><\/p>\n<\/div>\n\n\n\n<div class=\"wp-block-column is-layout-flow wp-block-column-is-layout-flow\">\n<figure class=\"wp-block-image size-full is-resized\"><img loading=\"lazy\" decoding=\"async\" width=\"155\" height=\"155\" src=\"http:\/\/nbjynyz.cluster031.hosting.ovh.net\/wp-content\/uploads\/2022\/06\/marc-antoine-mulliez-edited.webp\" alt=\"\" class=\"wp-image-207\" style=\"width:154px;height:154px\" srcset=\"http:\/\/nbjynyz.cluster031.hosting.ovh.net\/wp-content\/uploads\/2022\/06\/marc-antoine-mulliez-edited.webp 155w, http:\/\/nbjynyz.cluster031.hosting.ovh.net\/wp-content\/uploads\/2022\/06\/marc-antoine-mulliez-edited-150x150.webp 150w\" sizes=\"auto, (max-width: 155px) 100vw, 155px\" \/><figcaption class=\"wp-element-caption\">Marc-Antoine MULLIEZ<\/figcaption><\/figure>\n\n\n\n<p><em>Chef op\u00e9rateur<\/em><\/p>\n<\/div>\n<\/div>\n<\/div>\n\n\n\n<div class=\"wp-block-column is-layout-flow wp-block-column-is-layout-flow\">\n<div class=\"wp-block-columns is-layout-flex wp-container-core-columns-is-layout-9d6595d7 wp-block-columns-is-layout-flex\">\n<div class=\"wp-block-column is-layout-flow wp-block-column-is-layout-flow\">\n<figure class=\"wp-block-image size-full\"><img loading=\"lazy\" decoding=\"async\" width=\"155\" height=\"155\" src=\"http:\/\/nbjynyz.cluster031.hosting.ovh.net\/wp-content\/uploads\/2022\/06\/G_Destombes-edited.webp\" alt=\"\" class=\"wp-image-208\" srcset=\"http:\/\/nbjynyz.cluster031.hosting.ovh.net\/wp-content\/uploads\/2022\/06\/G_Destombes-edited.webp 155w, http:\/\/nbjynyz.cluster031.hosting.ovh.net\/wp-content\/uploads\/2022\/06\/G_Destombes-edited-150x150.webp 150w\" sizes=\"auto, (max-width: 155px) 100vw, 155px\" \/><figcaption class=\"wp-element-caption\">Guillaume DESTOMBES<\/figcaption><\/figure>\n\n\n\n<p><em>Chef op\u00e9rateur<\/em><\/p>\n<\/div>\n\n\n\n<div class=\"wp-block-column is-layout-flow wp-block-column-is-layout-flow\">\n<figure class=\"wp-block-image size-full is-resized\"><img loading=\"lazy\" decoding=\"async\" width=\"711\" height=\"720\" src=\"http:\/\/nbjynyz.cluster031.hosting.ovh.net\/wp-content\/uploads\/2022\/06\/vlcsnap-2019-09-23-21h00m50s111-edited-2.png\" alt=\"\" class=\"wp-image-210\" style=\"width:155px;height:156px\" srcset=\"http:\/\/nbjynyz.cluster031.hosting.ovh.net\/wp-content\/uploads\/2022\/06\/vlcsnap-2019-09-23-21h00m50s111-edited-2.png 711w, http:\/\/nbjynyz.cluster031.hosting.ovh.net\/wp-content\/uploads\/2022\/06\/vlcsnap-2019-09-23-21h00m50s111-edited-2-296x300.png 296w\" sizes=\"auto, (max-width: 711px) 100vw, 711px\" \/><figcaption class=\"wp-element-caption\">Xavier VERITE<\/figcaption><\/figure>\n\n\n\n<p><em>Charg\u00e9 de projets \u00e9v\u00e8nementiels<\/em><\/p>\n<\/div>\n<\/div>\n<\/div>\n<\/div>\n\n\n\n<div class=\"wp-block-columns are-vertically-aligned-top is-layout-flex wp-container-core-columns-is-layout-9d6595d7 wp-block-columns-is-layout-flex\">\n<div class=\"wp-block-column is-vertically-aligned-top is-layout-flow wp-block-column-is-layout-flow\" style=\"flex-basis:100%\">\n<p>Et Pascale VICHERY : <em>Responsable P.A.O<\/em><\/p>\n<\/div>\n<\/div>\n\n\n\n<h3 class=\"wp-block-heading has-white-color has-text-color\">Les donn\u00e9es de l&#8217;association :<\/h3>\n\n\n\n<h3 class=\"wp-block-heading has-text-color\" style=\"color:#21403fc2\">Les donn\u00e9es de l&#8217;association :<\/h3>\n\n\n\n<p><strong>SIRET :<\/strong>  829 323 021 00016<\/p>\n\n\n\n<p><strong>Cat\u00e9gorie juridique :<\/strong>  9220   (association d\u00e9clar\u00e9e)<\/p>\n\n\n\n<p><strong>code APE :<\/strong> 5911 C  (Production de films)<\/p>\n\n\n\n<p><strong>Date :<\/strong> 18\/02\/2016<\/p>\n\n\n\n<p><\/p>\n\n\n\n<p><strong>Adresse postale : <\/strong>160 r\u00e9sidence les pr\u00e8s du li\u00e8vre   62 149 FESTUBERT  &#8211;  FRANCE<\/p>\n\n\n\n<p><strong>@ :<\/strong> vincent.gosselin1972@gmail.com<\/p>\n","protected":false},"excerpt":{"rendered":"<p>Mon Film, Ma Bataille&nbsp;est une structure de production associative cr\u00e9\u00e9e en F\u00e9vrier 2016. \u200bElle a pour but d&#8217;encadrer des r\u00e9alisateurs dans leurs projets, que ce soit dans leur recherche de financements, de professionnels ou de locations de&nbsp;mat\u00e9riels. Les membres de l&#8217;association : R\u00e9alisateur et professeur Chef op\u00e9rateur Chef op\u00e9rateur Charg\u00e9 de projets \u00e9v\u00e8nementiels Et Pascale [&hellip;]<\/p>\n","protected":false},"author":1,"featured_media":0,"parent":0,"menu_order":0,"comment_status":"closed","ping_status":"open","template":"","meta":{"footnotes":""},"class_list":["post-2","page","type-page","status-publish","czr-hentry"],"_links":{"self":[{"href":"http:\/\/nbjynyz.cluster031.hosting.ovh.net\/index.php\/wp-json\/wp\/v2\/pages\/2","targetHints":{"allow":["GET"]}}],"collection":[{"href":"http:\/\/nbjynyz.cluster031.hosting.ovh.net\/index.php\/wp-json\/wp\/v2\/pages"}],"about":[{"href":"http:\/\/nbjynyz.cluster031.hosting.ovh.net\/index.php\/wp-json\/wp\/v2\/types\/page"}],"author":[{"embeddable":true,"href":"http:\/\/nbjynyz.cluster031.hosting.ovh.net\/index.php\/wp-json\/wp\/v2\/users\/1"}],"replies":[{"embeddable":true,"href":"http:\/\/nbjynyz.cluster031.hosting.ovh.net\/index.php\/wp-json\/wp\/v2\/comments?post=2"}],"version-history":[{"count":16,"href":"http:\/\/nbjynyz.cluster031.hosting.ovh.net\/index.php\/wp-json\/wp\/v2\/pages\/2\/revisions"}],"predecessor-version":[{"id":470,"href":"http:\/\/nbjynyz.cluster031.hosting.ovh.net\/index.php\/wp-json\/wp\/v2\/pages\/2\/revisions\/470"}],"wp:attachment":[{"href":"http:\/\/nbjynyz.cluster031.hosting.ovh.net\/index.php\/wp-json\/wp\/v2\/media?parent=2"}],"curies":[{"name":"wp","href":"https:\/\/api.w.org\/{rel}","templated":true}]}}